{"id":1087,"date":"2025-12-09T07:26:14","date_gmt":"2025-12-09T07:26:14","guid":{"rendered":"https:\/\/adriabnb.it\/vermietung-des-aussenbereichs\/"},"modified":"2026-01-10T16:17:25","modified_gmt":"2026-01-10T16:17:25","slug":"vermietung-des-aussenbereichs","status":"publish","type":"page","link":"https:\/\/adriabnb.it\/de\/vermietung-des-aussenbereichs\/","title":{"rendered":"Vermietung des Au\u00dfenbereichs"},"content":{"rendered":"\n<h2 class=\"wp-block-heading\"><strong>Vermietung des Au\u00dfenbereichs mit Pool und SPA in Adria<\/strong><\/h2>\n\n<p>Nur wenige Kilometer vom Zentrum von <strong>Adria<\/strong> entfernt, im Herzen <strong>des Po-Deltas<\/strong>, stellt das Adria BnB seinen <strong>Au\u00dfenbereich exklusiv <\/strong>f\u00fcr private Feiern und Veranstaltungen auf Reservierung zur Verf\u00fcgung.<\/p>\n\n<p>Die Anlage bietet <strong>Pool, SPA und ausgestattete Au\u00dfenbereiche<\/strong>, ideal um besondere Momente in einem privaten Rahmen zu feiern, eingebettet in die Natur und fernab vom st\u00e4dtischen Trubel.<\/p>\n\n<hr class=\"wp-block-separator has-alpha-channel-opacity\"\/>\n\n<h3 class=\"wp-block-heading\"><strong>Private Feiern in Adria<\/strong><\/h3>\n\n<p>Organisieren Sie Ihre Veranstaltung an einem einzigartigen Ort im Po-Delta. <strong>Die Vermietung des Au\u00dfenbereichs <\/strong>ist perfekt f\u00fcr:<\/p>\n\n<ul class=\"wp-block-list\">\n<li>Geburtstage<\/li>\n\n\n\n<li>Abschlussfeiern<\/li>\n\n\n\n<li>Abende mit Freunden<\/li>\n\n\n\n<li>Jubil\u00e4en und besondere Momente<\/li>\n<\/ul>\n\n<p>Eine private, elegante und anpassbare L\u00f6sung mit Zugang zu Pool, SPA und \u00fcberdachter Au\u00dfenterrasse.<\/p>\n\n<hr class=\"wp-block-separator has-alpha-channel-opacity\"\/>\n\n<h3 class=\"wp-block-heading\"><strong>Private und sportliche Veranstaltungen<\/strong><\/h3>\n\n<p>Die Anlage steht auch f\u00fcr <strong>private Sportveranstaltungen <\/strong>zur Verf\u00fcgung, die von Vereinen oder direkt vom Adria BnB organisiert werden.<\/p>\n\n<p>Dar\u00fcber hinaus organisiert das BnB regelm\u00e4\u00dfige \u00f6ffentliche Veranstaltungen mit Zugang \u00fcber Reservierung.<\/p>\n\n<hr class=\"wp-block-separator has-alpha-channel-opacity\"\/>\n\n<h3 class=\"wp-block-heading\"><strong>Private SPA im Po-Delta<\/strong><\/h3>\n\n<p>Der SPA-Bereich steht den G\u00e4sten der Anlage zur Verf\u00fcgung und kann exklusiv auch gemietet werden f\u00fcr:<\/p>\n\n<ul class=\"wp-block-list\">\n<li>private Feiern<\/li>\n\n\n\n<li>Entspannungsmomente mit Freunden<\/li>\n\n\n\n<li>romantische Aperitifs zu zweit<\/li>\n<\/ul>\n\n<p>Ein intimes und privates Erlebnis, eingebettet in die Ruhe der Landschaft des Polesine.<\/p>\n\n<hr class=\"wp-block-separator has-alpha-channel-opacity\"\/>\n\n<h3 class=\"wp-block-heading\"><strong>Ausgestattete \u00fcberdachte Au\u00dfenterrasse<\/strong><\/h3>\n\n<p>Die <strong>\u00fcberdachte Au\u00dfenterrasse i<\/strong>st ideal f\u00fcr die Organisation von Buffets und geselligen Veranstaltungen. Sie ist mit <strong>Tischen und St\u00fchlen <\/strong>ausgestattet, perfekt um G\u00e4ste in einer funktionalen und gesch\u00fctzten Umgebung zu empfangen.<\/p>\n\n<hr class=\"wp-block-separator has-alpha-channel-opacity\"\/>\n\n<h3 class=\"wp-block-heading\"><strong>Unsere Bereiche<\/strong><\/h3>\n\n<h4 class=\"wp-block-heading\"><strong>Schwimmbad<\/strong><\/h4>\n\n<p>Au\u00dfenpool ideal zum Entspannen und Genie\u00dfen des Sonnenuntergangs inmitten der Landschaft des Po-Deltas.<\/p>\n\n<h4 class=\"wp-block-heading\"><strong>SPA<\/strong><\/h4>\n\n<p>Ein komplettes Wellness-Erlebnis: Sauna und finnisches Badefass f\u00fcr einen Tag purer Entspannung im Kontakt mit der Natur.<\/p>\n\n<h4 class=\"wp-block-heading\"><strong>Giardino<\/strong><\/h4>\n\n<p>Privater Garten hinter dem BnB, verf\u00fcgbar f\u00fcr Feiern und Veranstaltungen, ausgestattet mit Tischen und St\u00fchlen um einen Tag in Gesellschaft zu verbringen.<\/p>\n\n<h4 class=\"wp-block-heading\"><strong>Veranstaltungen<\/strong><\/h4>\n\n<p>M\u00f6glichkeit, die Anlage f\u00fcr private Sportveranstaltungen zu mieten und an den direkt vom BnB organisierten Veranstaltungen teilzunehmen.<\/p>\n","protected":false},"excerpt":{"rendered":"<p>Vermietung des Au\u00dfenbereichs mit Pool und SPA in Adria Nur wenige Kilometer vom Zentrum von Adria entfernt, im Herzen des Po-Deltas, stellt das Adria BnB seinen Au\u00dfenbereich exklusiv f\u00fcr private&#8230;<\/p>\n","protected":false},"author":1,"featured_media":1083,"parent":0,"menu_order":0,"comment_status":"closed","ping_status":"closed","template":"template-noleggio.php","meta":{"_acf_changed":false,"footnotes":""},"class_list":["post-1087","page","type-page","status-publish","has-post-thumbnail","hentry"],"acf":[],"yoast_head":"<!-- This site is optimized with the Yoast SEO plugin v27.3 - https:\/\/yoast.com\/product\/yoast-seo-wordpress\/ -->\n<title>Vermietung von Pool und SPA in Adria \u2013 Veranstaltungen und private Feiern im Po-Delta<\/title>\n<meta name=\"description\" content=\"Vermietung des Au\u00dfenbereichs mit Pool und SPA in Adria, im Po-Delta. Ideal f\u00fcr private Feiern und Veranstaltungen auf Reservierung. Kontaktieren Sie uns jetzt!\" \/>\n<meta name=\"robots\" content=\"index, follow, max-snippet:-1, max-image-preview:large, max-video-preview:-1\" \/>\n<link rel=\"canonical\" href=\"https:\/\/adriabnb.it\/de\/vermietung-des-aussenbereichs\/\" \/>\n<meta property=\"og:locale\" content=\"de_DE\" \/>\n<meta property=\"og:type\" content=\"article\" \/>\n<meta property=\"og:title\" content=\"Vermietung von Pool und SPA in Adria \u2013 Veranstaltungen und private Feiern im Po-Delta\" \/>\n<meta property=\"og:description\" content=\"Vermietung des Au\u00dfenbereichs mit Pool und SPA in Adria, im Po-Delta. Ideal f\u00fcr private Feiern und Veranstaltungen auf Reservierung. Kontaktieren Sie uns jetzt!\" \/>\n<meta property=\"og:url\" content=\"https:\/\/adriabnb.it\/de\/vermietung-des-aussenbereichs\/\" \/>\n<meta property=\"og:site_name\" content=\"Adria BnB\" \/>\n<meta property=\"article:modified_time\" content=\"2026-01-10T16:17:25+00:00\" \/>\n<meta property=\"og:image\" content=\"https:\/\/adriabnb.it\/wp-content\/uploads\/2025\/11\/adria_bb.webp\" \/>\n\t<meta property=\"og:image:width\" content=\"1920\" \/>\n\t<meta property=\"og:image:height\" content=\"1080\" \/>\n\t<meta property=\"og:image:type\" content=\"image\/webp\" \/>\n<meta name=\"twitter:card\" content=\"summary_large_image\" \/>\n<meta name=\"twitter:label1\" content=\"Gesch\u00e4tzte Lesezeit\" \/>\n\t<meta name=\"twitter:data1\" content=\"2\u00a0Minuten\" \/>\n<script type=\"application\/ld+json\" class=\"yoast-schema-graph\">{\"@context\":\"https:\\\/\\\/schema.org\",\"@graph\":[{\"@type\":\"WebPage\",\"@id\":\"https:\\\/\\\/adriabnb.it\\\/de\\\/vermietung-des-aussenbereichs\\\/\",\"url\":\"https:\\\/\\\/adriabnb.it\\\/de\\\/vermietung-des-aussenbereichs\\\/\",\"name\":\"Vermietung von Pool und SPA in Adria \u2013 Veranstaltungen und private Feiern im Po-Delta\",\"isPartOf\":{\"@id\":\"https:\\\/\\\/adriabnb.it\\\/de\\\/#website\"},\"primaryImageOfPage\":{\"@id\":\"https:\\\/\\\/adriabnb.it\\\/de\\\/vermietung-des-aussenbereichs\\\/#primaryimage\"},\"image\":{\"@id\":\"https:\\\/\\\/adriabnb.it\\\/de\\\/vermietung-des-aussenbereichs\\\/#primaryimage\"},\"thumbnailUrl\":\"https:\\\/\\\/adriabnb.it\\\/wp-content\\\/uploads\\\/2025\\\/11\\\/adria_bb.webp\",\"datePublished\":\"2025-12-09T07:26:14+00:00\",\"dateModified\":\"2026-01-10T16:17:25+00:00\",\"description\":\"Vermietung des Au\u00dfenbereichs mit Pool und SPA in Adria, im Po-Delta. Ideal f\u00fcr private Feiern und Veranstaltungen auf Reservierung. Kontaktieren Sie uns jetzt!\",\"breadcrumb\":{\"@id\":\"https:\\\/\\\/adriabnb.it\\\/de\\\/vermietung-des-aussenbereichs\\\/#breadcrumb\"},\"inLanguage\":\"de\",\"potentialAction\":[{\"@type\":\"ReadAction\",\"target\":[\"https:\\\/\\\/adriabnb.it\\\/de\\\/vermietung-des-aussenbereichs\\\/\"]}]},{\"@type\":\"ImageObject\",\"inLanguage\":\"de\",\"@id\":\"https:\\\/\\\/adriabnb.it\\\/de\\\/vermietung-des-aussenbereichs\\\/#primaryimage\",\"url\":\"https:\\\/\\\/adriabnb.it\\\/wp-content\\\/uploads\\\/2025\\\/11\\\/adria_bb.webp\",\"contentUrl\":\"https:\\\/\\\/adriabnb.it\\\/wp-content\\\/uploads\\\/2025\\\/11\\\/adria_bb.webp\",\"width\":1920,\"height\":1080},{\"@type\":\"BreadcrumbList\",\"@id\":\"https:\\\/\\\/adriabnb.it\\\/de\\\/vermietung-des-aussenbereichs\\\/#breadcrumb\",\"itemListElement\":[{\"@type\":\"ListItem\",\"position\":1,\"name\":\"Home\",\"item\":\"https:\\\/\\\/adriabnb.it\\\/de\\\/\"},{\"@type\":\"ListItem\",\"position\":2,\"name\":\"Vermietung des Au\u00dfenbereichs\"}]},{\"@type\":\"WebSite\",\"@id\":\"https:\\\/\\\/adriabnb.it\\\/de\\\/#website\",\"url\":\"https:\\\/\\\/adriabnb.it\\\/de\\\/\",\"name\":\"Adria BnB\",\"description\":\"\",\"publisher\":{\"@id\":\"https:\\\/\\\/adriabnb.it\\\/de\\\/#organization\"},\"potentialAction\":[{\"@type\":\"SearchAction\",\"target\":{\"@type\":\"EntryPoint\",\"urlTemplate\":\"https:\\\/\\\/adriabnb.it\\\/de\\\/?s={search_term_string}\"},\"query-input\":{\"@type\":\"PropertyValueSpecification\",\"valueRequired\":true,\"valueName\":\"search_term_string\"}}],\"inLanguage\":\"de\"},{\"@type\":\"Organization\",\"@id\":\"https:\\\/\\\/adriabnb.it\\\/de\\\/#organization\",\"name\":\"Adria BnB\",\"url\":\"https:\\\/\\\/adriabnb.it\\\/de\\\/\",\"logo\":{\"@type\":\"ImageObject\",\"inLanguage\":\"de\",\"@id\":\"https:\\\/\\\/adriabnb.it\\\/de\\\/#\\\/schema\\\/logo\\\/image\\\/\",\"url\":\"https:\\\/\\\/adriabnb.it\\\/wp-content\\\/uploads\\\/2026\\\/01\\\/Risorsa-3.png\",\"contentUrl\":\"https:\\\/\\\/adriabnb.it\\\/wp-content\\\/uploads\\\/2026\\\/01\\\/Risorsa-3.png\",\"width\":618,\"height\":329,\"caption\":\"Adria BnB\"},\"image\":{\"@id\":\"https:\\\/\\\/adriabnb.it\\\/de\\\/#\\\/schema\\\/logo\\\/image\\\/\"}}]}<\/script>\n<!-- \/ Yoast SEO plugin. -->","yoast_head_json":{"title":"Vermietung von Pool und SPA in Adria \u2013 Veranstaltungen und private Feiern im Po-Delta","description":"Vermietung des Au\u00dfenbereichs mit Pool und SPA in Adria, im Po-Delta. Ideal f\u00fcr private Feiern und Veranstaltungen auf Reservierung. Kontaktieren Sie uns jetzt!","robots":{"index":"index","follow":"follow","max-snippet":"max-snippet:-1","max-image-preview":"max-image-preview:large","max-video-preview":"max-video-preview:-1"},"canonical":"https:\/\/adriabnb.it\/de\/vermietung-des-aussenbereichs\/","og_locale":"de_DE","og_type":"article","og_title":"Vermietung von Pool und SPA in Adria \u2013 Veranstaltungen und private Feiern im Po-Delta","og_description":"Vermietung des Au\u00dfenbereichs mit Pool und SPA in Adria, im Po-Delta. Ideal f\u00fcr private Feiern und Veranstaltungen auf Reservierung. Kontaktieren Sie uns jetzt!","og_url":"https:\/\/adriabnb.it\/de\/vermietung-des-aussenbereichs\/","og_site_name":"Adria BnB","article_modified_time":"2026-01-10T16:17:25+00:00","og_image":[{"width":1920,"height":1080,"url":"https:\/\/adriabnb.it\/wp-content\/uploads\/2025\/11\/adria_bb.webp","type":"image\/webp"}],"twitter_card":"summary_large_image","twitter_misc":{"Gesch\u00e4tzte Lesezeit":"2\u00a0Minuten"},"schema":{"@context":"https:\/\/schema.org","@graph":[{"@type":"WebPage","@id":"https:\/\/adriabnb.it\/de\/vermietung-des-aussenbereichs\/","url":"https:\/\/adriabnb.it\/de\/vermietung-des-aussenbereichs\/","name":"Vermietung von Pool und SPA in Adria \u2013 Veranstaltungen und private Feiern im Po-Delta","isPartOf":{"@id":"https:\/\/adriabnb.it\/de\/#website"},"primaryImageOfPage":{"@id":"https:\/\/adriabnb.it\/de\/vermietung-des-aussenbereichs\/#primaryimage"},"image":{"@id":"https:\/\/adriabnb.it\/de\/vermietung-des-aussenbereichs\/#primaryimage"},"thumbnailUrl":"https:\/\/adriabnb.it\/wp-content\/uploads\/2025\/11\/adria_bb.webp","datePublished":"2025-12-09T07:26:14+00:00","dateModified":"2026-01-10T16:17:25+00:00","description":"Vermietung des Au\u00dfenbereichs mit Pool und SPA in Adria, im Po-Delta. Ideal f\u00fcr private Feiern und Veranstaltungen auf Reservierung. Kontaktieren Sie uns jetzt!","breadcrumb":{"@id":"https:\/\/adriabnb.it\/de\/vermietung-des-aussenbereichs\/#breadcrumb"},"inLanguage":"de","potentialAction":[{"@type":"ReadAction","target":["https:\/\/adriabnb.it\/de\/vermietung-des-aussenbereichs\/"]}]},{"@type":"ImageObject","inLanguage":"de","@id":"https:\/\/adriabnb.it\/de\/vermietung-des-aussenbereichs\/#primaryimage","url":"https:\/\/adriabnb.it\/wp-content\/uploads\/2025\/11\/adria_bb.webp","contentUrl":"https:\/\/adriabnb.it\/wp-content\/uploads\/2025\/11\/adria_bb.webp","width":1920,"height":1080},{"@type":"BreadcrumbList","@id":"https:\/\/adriabnb.it\/de\/vermietung-des-aussenbereichs\/#breadcrumb","itemListElement":[{"@type":"ListItem","position":1,"name":"Home","item":"https:\/\/adriabnb.it\/de\/"},{"@type":"ListItem","position":2,"name":"Vermietung des Au\u00dfenbereichs"}]},{"@type":"WebSite","@id":"https:\/\/adriabnb.it\/de\/#website","url":"https:\/\/adriabnb.it\/de\/","name":"Adria BnB","description":"","publisher":{"@id":"https:\/\/adriabnb.it\/de\/#organization"},"potentialAction":[{"@type":"SearchAction","target":{"@type":"EntryPoint","urlTemplate":"https:\/\/adriabnb.it\/de\/?s={search_term_string}"},"query-input":{"@type":"PropertyValueSpecification","valueRequired":true,"valueName":"search_term_string"}}],"inLanguage":"de"},{"@type":"Organization","@id":"https:\/\/adriabnb.it\/de\/#organization","name":"Adria BnB","url":"https:\/\/adriabnb.it\/de\/","logo":{"@type":"ImageObject","inLanguage":"de","@id":"https:\/\/adriabnb.it\/de\/#\/schema\/logo\/image\/","url":"https:\/\/adriabnb.it\/wp-content\/uploads\/2026\/01\/Risorsa-3.png","contentUrl":"https:\/\/adriabnb.it\/wp-content\/uploads\/2026\/01\/Risorsa-3.png","width":618,"height":329,"caption":"Adria BnB"},"image":{"@id":"https:\/\/adriabnb.it\/de\/#\/schema\/logo\/image\/"}}]}},"_links":{"self":[{"href":"https:\/\/adriabnb.it\/de\/wp-json\/wp\/v2\/pages\/1087","targetHints":{"allow":["GET"]}}],"collection":[{"href":"https:\/\/adriabnb.it\/de\/wp-json\/wp\/v2\/pages"}],"about":[{"href":"https:\/\/adriabnb.it\/de\/wp-json\/wp\/v2\/types\/page"}],"author":[{"embeddable":true,"href":"https:\/\/adriabnb.it\/de\/wp-json\/wp\/v2\/users\/1"}],"replies":[{"embeddable":true,"href":"https:\/\/adriabnb.it\/de\/wp-json\/wp\/v2\/comments?post=1087"}],"version-history":[{"count":2,"href":"https:\/\/adriabnb.it\/de\/wp-json\/wp\/v2\/pages\/1087\/revisions"}],"predecessor-version":[{"id":1097,"href":"https:\/\/adriabnb.it\/de\/wp-json\/wp\/v2\/pages\/1087\/revisions\/1097"}],"wp:featuredmedia":[{"embeddable":true,"href":"https:\/\/adriabnb.it\/de\/wp-json\/wp\/v2\/media\/1083"}],"wp:attachment":[{"href":"https:\/\/adriabnb.it\/de\/wp-json\/wp\/v2\/media?parent=1087"}],"curies":[{"name":"wp","href":"https:\/\/api.w.org\/{rel}","templated":true}]}}